{"id":319,"date":"2022-01-11T11:20:21","date_gmt":"2022-01-11T11:20:21","guid":{"rendered":"http:\/\/www.proyectoscprgijon.es\/WayBack2School\/?page_id=319"},"modified":"2022-02-17T10:09:57","modified_gmt":"2022-02-17T10:09:57","slug":"ana-sayfa","status":"publish","type":"page","link":"http:\/\/www.proyectoscprgijon.es\/WayBack2School\/tr\/ana-sayfa\/","title":{"rendered":"Ana Sayfa"},"content":{"rendered":"\n<p><\/p>\n\n\n\n<blockquote class=\"wp-block-quote\"><p style=\"font-size:1.2em\">Toplumumuzu olu\u015fturan bireylerin refah\u0131 \u00fczerindeki sonu\u00e7lar\u0131 nedeniyle erken okul terki b\u00fcy\u00fck bir sorundur ve e\u011fitim yetkilileri olarak bu durumu gerekli her \u015fekilde \u00e7\u00f6zmek bizim g\u00f6revimizdir. \u201cWay Back To School\u201d (Okula d\u00f6n\u00fc\u015f yolu) projemizde, erken okul terki oranlar\u0131n\u0131n en d\u00fc\u015f\u00fck oldu\u011fu Avrupa \u00fclkelerinden, H\u0131rvatistan ve \u0130rlanda&#8217;dan kurumlarla ortak oldu\u011fumuz i\u00e7in \u00e7ok \u015fansl\u0131y\u0131z; \u0130talya&#8217;daki orta\u011f\u0131m\u0131z ise s\u00f6z konusu sorunla ilgili bizimle ortak kayg\u0131lar ta\u015f\u0131yan bir kurulu\u015ftur. \u0130spanya&#8217;da bir \u00f6\u011fretmen e\u011fitim kurulu\u015fu olan orta\u011f\u0131m\u0131z\u0131n tecr\u00fcbeleri ise proje boyunca bize olduk\u00e7a b\u00fcy\u00fck katk\u0131lar sa\u011flam\u0131\u015ft\u0131r. Hep birlikte, kurulu\u015flar\u0131m\u0131z\u0131n g\u00fc\u00e7l\u00fc y\u00f6nlerinden yararlanarak, e\u011fitimin \u00f6tesinde bir vizyonu payla\u015f\u0131yoruz: gen\u00e7lerimizin ya\u015famlar\u0131nda bir etki yaratmak.<\/p><cite>Kemal \u00c7\u0130FT\u00c7\u0130, \u0130l\u00e7e Milli E\u011fitim M\u00fcd\u00fcr\u00fc. <em>Okula D\u00f6n\u00fc\u015f Yolu<\/em> Projesi Koordinat\u00f6r\u00fc<\/cite><\/blockquote>\n\n\n\n<figure class=\"wp-block-image size-large is-style-default\"><img loading=\"lazy\" width=\"1024\" height=\"364\" src=\"http:\/\/www.proyectoscprgijon.es\/WayBack2School\/wp-content\/uploads\/2021\/12\/theteam-1024x364.jpg\" alt=\"\" class=\"wp-image-154\" srcset=\"http:\/\/www.proyectoscprgijon.es\/WayBack2School\/wp-content\/uploads\/2021\/12\/theteam-1024x364.jpg 1024w, http:\/\/www.proyectoscprgijon.es\/WayBack2School\/wp-content\/uploads\/2021\/12\/theteam-300x107.jpg 300w, http:\/\/www.proyectoscprgijon.es\/WayBack2School\/wp-content\/uploads\/2021\/12\/theteam-768x273.jpg 768w, http:\/\/www.proyectoscprgijon.es\/WayBack2School\/wp-content\/uploads\/2021\/12\/theteam-1536x545.jpg 1536w, http:\/\/www.proyectoscprgijon.es\/WayBack2School\/wp-content\/uploads\/2021\/12\/theteam-2048x727.jpg 2048w, http:\/\/www.proyectoscprgijon.es\/WayBack2School\/wp-content\/uploads\/2021\/12\/theteam-1600x568.jpg 1600w\" sizes=\"(max-width: 1024px) 100vw, 1024px\" \/><\/figure>\n","protected":false},"excerpt":{"rendered":"<p>Toplumumuzu olu\u015fturan bireylerin refah\u0131 \u00fczerindeki sonu\u00e7lar\u0131 nedeniyle erken okul terki b\u00fcy\u00fck bir sorundur ve e\u011fitim yetkilileri olarak bu durumu gerekli&hellip;<\/p>\n","protected":false},"author":1,"featured_media":0,"parent":0,"menu_order":0,"comment_status":"closed","ping_status":"closed","template":"","meta":[],"lang":"tr","translations":{"es":35,"en":32,"it":315,"tr":319,"hr":321},"pll_sync_post":[],"_links":{"self":[{"href":"http:\/\/www.proyectoscprgijon.es\/WayBack2School\/wp-json\/wp\/v2\/pages\/319"}],"collection":[{"href":"http:\/\/www.proyectoscprgijon.es\/WayBack2School\/wp-json\/wp\/v2\/pages"}],"about":[{"href":"http:\/\/www.proyectoscprgijon.es\/WayBack2School\/wp-json\/wp\/v2\/types\/page"}],"author":[{"embeddable":true,"href":"http:\/\/www.proyectoscprgijon.es\/WayBack2School\/wp-json\/wp\/v2\/users\/1"}],"replies":[{"embeddable":true,"href":"http:\/\/www.proyectoscprgijon.es\/WayBack2School\/wp-json\/wp\/v2\/comments?post=319"}],"version-history":[{"count":3,"href":"http:\/\/www.proyectoscprgijon.es\/WayBack2School\/wp-json\/wp\/v2\/pages\/319\/revisions"}],"predecessor-version":[{"id":764,"href":"http:\/\/www.proyectoscprgijon.es\/WayBack2School\/wp-json\/wp\/v2\/pages\/319\/revisions\/764"}],"wp:attachment":[{"href":"http:\/\/www.proyectoscprgijon.es\/WayBack2School\/wp-json\/wp\/v2\/media?parent=319"}],"curies":[{"name":"wp","href":"https:\/\/api.w.org\/{rel}","templated":true}]}}