{"id":366,"date":"2022-01-11T12:23:13","date_gmt":"2022-01-11T12:23:13","guid":{"rendered":"http:\/\/www.proyectoscprgijon.es\/WayBack2School\/?page_id=366"},"modified":"2022-01-28T10:10:34","modified_gmt":"2022-01-28T10:10:34","slug":"partneri","status":"publish","type":"page","link":"http:\/\/www.proyectoscprgijon.es\/WayBack2School\/hr\/partneri\/","title":{"rendered":"Partneri"},"content":{"rendered":"\n<p><\/p>\n\n\n\n<h2 id=\"turkey\">TURKEY <img src=\"http:\/\/www.proyectoscprgijon.es\/WayBack2School\/wp-content\/uploads\/2021\/12\/Flag_of_Turkey.svg_-e1639568563886.png\" alt=\"logo\" style=\"width: 70px;\"><\/h2>\n\n\n\n<h3 id=\"germencik-ilce-milli-egitim-mudurlugu\">Germencik \u0130l\u00e7e Milli E\u011fitim M\u00fcd\u00fcrl\u00fc\u011f\u00fc<\/h3>\n\n\n<p><img loading=\"lazy\" width=\"92\" height=\"92\" class=\"wp-image-77 alignleft\" style=\"width: 92px;\" src=\"http:\/\/www.proyectoscprgijon.es\/WayBack2School\/wp-content\/uploads\/2021\/12\/header-meb-yeni-logo.png\" alt=\"\" \/><strong><a href=\"http:\/\/germencik.meb.gov.tr\/\" target=\"_blank\" rel=\"noreferrer noopener\">Germencik \u0130l\u00e7e Milli E\u011fitim M\u00fcd\u00fcrl\u00fc\u011f\u00fc\u00a0<\/a><\/strong>je voditelj organizacije ustanova odgoja i obrazovanja u Germenciku, Ayd\u0131n. Glavni cilj i du\u017enost ravnateljstva je rje\u0161avanje strukturnih i obrazovno -programskih pitanja u cijelom okrugu za obrazovne ustanove i \u0161kole.<\/p>\n<p>Ravnateljstvo vodi ukupno 36 ustanova i \u0161kola te organizira i koordinira sva pitanja vezana uz obrazovanje djece u svom okrugu. To je dinami\u010dno tijelo koje vodi komunikaciju i koordinaciju s drugim javnim tijelima, ponajvi\u0161e s dr\u017eavnim upravnim uredom. Tako\u0111er imaju bliski radni odnos s Pokrajinskom upravom za obrazovanje u Aydinu.<\/p>\n\n\n<h3 id=\"himmet-condur-cumhuriyet-ortaokulu\">Himmet \u00c7ondur Cumhuriyet Ortaokulu<\/h3>\n\n\n<p style=\"text-align: justify;\"><img loading=\"lazy\" class=\"wp-image-94 alignleft\" src=\"http:\/\/www.proyectoscprgijon.es\/WayBack2School\/wp-content\/uploads\/2021\/12\/himmetcondur-1-300x300.jpg\" alt=\"\" width=\"92\" height=\"92\" srcset=\"http:\/\/www.proyectoscprgijon.es\/WayBack2School\/wp-content\/uploads\/2021\/12\/himmetcondur-1-300x300.jpg 300w, http:\/\/www.proyectoscprgijon.es\/WayBack2School\/wp-content\/uploads\/2021\/12\/himmetcondur-1-150x150.jpg 150w, http:\/\/www.proyectoscprgijon.es\/WayBack2School\/wp-content\/uploads\/2021\/12\/himmetcondur-1.jpg 719w\" sizes=\"(max-width: 92px) 100vw, 92px\" \/><a href=\"https:\/\/himmetcondur.meb.k12.tr\/\" target=\"_blank\" rel=\"noopener\">Himmet \u00c7ondur Cumhuriyet Ortaokulu<\/a>,\u00a0srednja \u0161kola sa 450 u\u010denika i 40 zaposlenih, nalazi se na zapadu Turske u gradu zvanom Ayd\u0131n, gdje maslinovo ulje te\u010de s njegovih planina, a med se stvara na njegovim poljima, kamo ljudi migriraju iz isto\u010dne Turske i zapadnoeuropskih zemalja zbog izvorne predivne prirode, bogate povijesti, organskih proizvoda i opu\u0161taju\u0107eg na\u010dina \u017eivota.<\/p>\n<p>Germencik, grad u kojem se \u0161kola nalazi, je imigrantsko podru\u010dje i 60% u\u010denika \u010dine djeca imigrantskih obitelji, od kojih su mnogi iz socijalno ugro\u017eenih sredina, a provedeni projekti \u010dine stopu uklju\u010denosti \u0161kole daleko iznad nacionalnog prosjeka. \u0160tovi\u0161e, proaktivni i kreativni djelatnici \u0161kole sudjeluju u nacionalnim projektima te se educiraju u skladu s odgojno-obrazovnim potrebama i konkretnim mogu\u0107nostima kako bi toj djeci pru\u017eili priliku da pobolj\u0161aju svoj ulazak u \u017eivot.<\/p>\n\n\n<h3 id=\"hasan-fatma-onal-anadolu-lisesi\">Hasan Fatma \u00d6nal Anadolu Lisesi<\/h3>\n\n\n<p style=\"text-align: justify;\"><img loading=\"lazy\" class=\"wp-image-90 alignleft\" src=\"http:\/\/www.proyectoscprgijon.es\/WayBack2School\/wp-content\/uploads\/2021\/12\/hasanfatma-300x257.jpg\" alt=\"\" width=\"92\" height=\"79\" srcset=\"http:\/\/www.proyectoscprgijon.es\/WayBack2School\/wp-content\/uploads\/2021\/12\/hasanfatma-300x257.jpg 300w, http:\/\/www.proyectoscprgijon.es\/WayBack2School\/wp-content\/uploads\/2021\/12\/hasanfatma.jpg 350w\" sizes=\"(max-width: 92px) 100vw, 92px\" \/><a href=\"https:\/\/hasanfatmaonal.meb.k12.tr\/\" target=\"_blank\" rel=\"noopener\">Hasan Fatma \u00d6nal Anatolian High School<\/a>\u00a0je srednja \u0161kola koja je osnovana 2005. godine. Nalazi se na periferiji Kusadasija na zapadnoj obali Turske. \u0160kola trenutno ima 348 u\u010denika od 9. do 12. razreda. U\u010denici se obrazuju po nacionalnom nastavnom planu i programu Ministarstva obrazovanja i ve\u0107ina ih je uklju\u010dena u skupinu koja se mo\u017ee svrstati u kategoriju ekonomski i socijalno ugro\u017eenih. Imaju izme\u0111u 15 i 19 godina i zna\u010dajno pate od nedostatka motivacije i klju\u010dnih kompetencija kako u svakodnevnom \u017eivotu tako i u obrazovnom \u017eivotu, \u0161to je uglavnom posljedica njihove dobi. S obzirom na postignu\u0107a koja bi trebali dobiti u \u0161koli, ovaj nedostatak motivacije i klju\u010dnih kompetencija stvara zna\u010dajnu prepreku, a rezultira ponekad napu\u0161tanjem \u0161kole. Socio-ekonomski uvjeti u\u010denika tako\u0111er su na srednje niskoj razini. Osim toga, zbog \u010dinjenice da je grad omiljena turisti\u010dka destinacija, njihovi roditelji vrlo su zaposleni tijekom ljetnih mjeseci, previ\u0161e je razorenih obitelji, a dio u\u010denika ljeti radi u razli\u010ditim turisti\u010dkim objektima. Ovo stanje neizbje\u017eno uzrokuje daljnji nedostatak motivacije u \u0161koli i ponekad mo\u017ee rezultirati ranim napu\u0161tanjem \u0161kole.<\/p>\n\n\n<h2 id=\"ireland\">IRELAND <img src=\"http:\/\/www.proyectoscprgijon.es\/WayBack2School\/wp-content\/uploads\/2021\/12\/300px-Flag_of_Ireland.svg_.png\" alt=\"logo\" style=\"width: 70px;\"> <\/h2>\n\n\n\n<h3 id=\"st-john-s-central-college\">St. John&#8217;s Central College<\/h3>\n\n\n<p style=\"text-align: justify;\"><img loading=\"lazy\" class=\"alignleft wp-image-98\" src=\"http:\/\/www.proyectoscprgijon.es\/WayBack2School\/wp-content\/uploads\/2021\/12\/stjohns.jpg\" alt=\"\" width=\"92\" height=\"92\" srcset=\"http:\/\/www.proyectoscprgijon.es\/WayBack2School\/wp-content\/uploads\/2021\/12\/stjohns.jpg 200w, http:\/\/www.proyectoscprgijon.es\/WayBack2School\/wp-content\/uploads\/2021\/12\/stjohns-150x150.jpg 150w\" sizes=\"(max-width: 92px) 100vw, 92px\" \/><a href=\"https:\/\/www.stjohnscollege.ie\/\" target=\"_blank\" rel=\"noopener\">St. John\u2019s Central College\u00a0<\/a>je koled\u017e za daljnje obrazovanje i osposobljavanje, kojim upravlja Cork Education and Training Board, koji se nalazi u blizini centra grada Corka. Ima vi\u0161e od dvadeset godina iskustva u sektoru daljnjeg obrazovanja. Njihova reputacija je priznata kao jedan od vode\u0107ih obrazovnih i odgojnih koled\u017ea na jugu, s jakim fokusom na sektore tehnologije, dizajna i uslu\u017ene industrije. Raspon te\u010dajeva uklju\u010duje veterinarsku njegu, paket te\u010dajeva informacijske tehnologije, umjetnost i dizajn, turizam, frizerski salon, filmsku\/video produkciju, fotografiju, multimedijske studije, dizajn, umjetnost, izradu glazbenih instrumenata, strojarstvo i odr\u017eavanje motora. Organizirani te\u010dajevi su usmjereni na studente i ve\u0107ina u\u010denika i studenta su ili oni koji napu\u0161taju \u0161kolu ili ljudi koji nisu mogli zavr\u0161iti svoje obrazovanje u druge svrhe. Oni dolaze na fakultet kako bi stekli stru\u010dne kompetencije te kako bi si osigurali posao.<\/p>\n\n\n<h2 id=\"italy\">ITALY <img src=\"http:\/\/www.proyectoscprgijon.es\/WayBack2School\/wp-content\/uploads\/2021\/12\/Flag_of_Italy.png\" alt=\"logo\" style=\"width: 70px;\">  <\/h2>\n\n\n\n<h3 id=\"ic9-cuoco-schipa\">IC9\u00b0 Cuoco-Schipa<\/h3>\n\n\n<p style=\"text-align: justify;\"><img loading=\"lazy\" class=\"wp-image-104 alignleft\" src=\"http:\/\/www.proyectoscprgijon.es\/WayBack2School\/wp-content\/uploads\/2021\/12\/ic9-300x300.png\" alt=\"\" width=\"92\" height=\"92\" srcset=\"http:\/\/www.proyectoscprgijon.es\/WayBack2School\/wp-content\/uploads\/2021\/12\/ic9-300x300.png 300w, http:\/\/www.proyectoscprgijon.es\/WayBack2School\/wp-content\/uploads\/2021\/12\/ic9-150x150.png 150w, http:\/\/www.proyectoscprgijon.es\/WayBack2School\/wp-content\/uploads\/2021\/12\/ic9.png 400w\" sizes=\"(max-width: 92px) 100vw, 92px\" \/><a href=\"https:\/\/www.ic9cuocoschipa.edu.it\/\" target=\"_blank\" rel=\"noopener\">Op\u0107a \u0161kola Statale 9\u00b0 Cuoco \u2013 Schipa <\/a>smje\u0161tena je u sredi\u0161tu raznolike \u010detvrti grada Napulja i organizirana je u \u010detiri kompleksa koji se sastoje od vrti\u0107a, osnovne i srednje \u0161kole. \u0160kolu poha\u0111a oko 1100 u\u010denika, dobi od 3 do 14 godina. U rasponu osnovne \u0161kole, visoki je postotak u\u010denika koji imaju pote\u0161ko\u0107e u poha\u0111anju \u0161kole, a pojava raspr\u0161enosti nakon napu\u0161tanja \u0161kole zna\u010dajno se pove\u0107ava tijekom vi\u0161ih razreda osnovne \u0161kole.<\/p>\n<p>\u0160kola je specijalizirana za kori\u0161tenje iskustvenog u\u010denja, s obzirom na heterogenost u\u010denika i dru\u0161tveni kontekst socijalne deprivacije. Kako bi se borila protiv disperzije i suo\u010dila s problemima, \u0161kola je sudjelovala i pobijedila na pozivima na natje\u010daje koje financira Ministarstvo obrazovanja i Europska unija.<\/p>\n<p style=\"text-align: justify;\"><span data-ccp-props=\"{&quot;134233117&quot;:true,&quot;134233118&quot;:true,&quot;201341983&quot;:2,&quot;335551550&quot;:6,&quot;335551620&quot;:6,&quot;335559739&quot;:450,&quot;335559740&quot;:540}\">\u00a0<\/span><\/p>\n\n\n<h2 id=\"croatia\">CROATIA <img src=\"http:\/\/www.proyectoscprgijon.es\/WayBack2School\/wp-content\/uploads\/2021\/12\/Flag_of_Croatia.svg_.png\" alt=\"logo\" style=\"width: 70px;\">   <\/h2>\n\n\n\n<h3 id=\"osnovna-skola-podturen\">Osnovna \u0160kola Podturen<\/h3>\n\n\n<p style=\"text-align: justify;\"><img loading=\"lazy\" class=\"alignleft wp-image-108\" src=\"http:\/\/www.proyectoscprgijon.es\/WayBack2School\/wp-content\/uploads\/2021\/12\/osnovna.png\" alt=\"\" width=\"92\" height=\"94\" \/><a href=\"http:\/\/os-podturen.skole.hr\/\" target=\"_blank\" rel=\"noopener\">Osnovna \u0161kola Podturen<\/a>\u00a0je ustanova osnovnog obrazovanja koja se nalazi na podru\u010dju op\u0107ine Podturen u Me\u0111imurskoj \u017eupaniji u sjeverozapadnom dijelu Hrvatske (na hrvatsko-slovensko-ma\u0111arskoj granici). Op\u0107ina je jedno od podru\u010dja posebne dr\u017eavne skrbi, koja zaostaje na tri razine: gospodarskoj, strukturnoj i demografskoj razvijenosti. \u0160kola je osnovana 1956. godine i radi od 2009. godine u optimalnim materijalno-tehni\u010dkim uvjetima u jednoj smjeni te promi\u010de \u017eivotne vje\u0161tine, zdrav na\u010din \u017eivota (kroz razne sportske aktivnosti), socijalnu uklju\u010denost i o\u010duvanje ekolo\u0161ke i etnolo\u0161ke ba\u0161tine.<\/p>\n<p>Glavni prioriteti Osnovne \u0161kole Podturen su: osnovno obrazovanje u\u010denika od 6 do 15 godina, socijalizacija u\u010denika i stvaranje multikulturalnog tolerantnog okru\u017eenja u \u0161koli i op\u0107ini, socijalna uklju\u010denost i bolji obrazovni uspjeh u\u010denika romske nacionalne manjine, uspje\u0161na socijalizacija i priprema za aktivno gra\u0111anstvo i sudjelovanje u suvremenom dru\u0161tvu.<\/p>\n<p>Sve aktivnosti u \u0161koli provode se prema misiji: U\u010diti za \u017eivot. Sa znanjem i izvrsno\u0161\u0107u protiv predrasuda i nejednakosti<\/p>\n\n\n<h2 id=\"spain\">SPAIN <img src=\"http:\/\/www.proyectoscprgijon.es\/WayBack2School\/wp-content\/uploads\/2021\/12\/Flag_of_Spain_Civil.svg_.png\" alt=\"logo\" style=\"width: 70px;\">    <\/h2>\n\n\n\n<h3 id=\"cpr-de-gijon-oriente\">CPR de Gij\u00f3n-Oriente<\/h3>\n\n\n<p><img loading=\"lazy\" class=\"alignleft wp-image-113\" src=\"http:\/\/www.proyectoscprgijon.es\/WayBack2School\/wp-content\/uploads\/2021\/12\/logocpr-300x300.png\" alt=\"\" width=\"92\" height=\"92\" srcset=\"http:\/\/www.proyectoscprgijon.es\/WayBack2School\/wp-content\/uploads\/2021\/12\/logocpr.png 300w, http:\/\/www.proyectoscprgijon.es\/WayBack2School\/wp-content\/uploads\/2021\/12\/logocpr-150x150.png 150w\" sizes=\"(max-width: 92px) 100vw, 92px\" \/><\/p>\n<p style=\"text-align: justify;\">El <a href=\"http:\/\/www.cprgijon.es\/\" target=\"_blank\" rel=\"noopener\">Centro del Profesorado y de Recursos de Gij\u00f3n-Oriente<\/a>, CPR de Gij\u00f3n-Oriente, jedan je od \u010detiri regionalna centra za obuku nastavnika u Asturiji, koji izravno ovisi o Slu\u017ebi za inovacije i obuku u regionalnom Ministarstvu obrazovanja (Consejer\u00eda de Educaci\u00f3n del Gobierno del Principado de Asturias).<\/p>\n<p>Glavni cilj mre\u017ee za obuku nastavnika kojoj CPR pripada je zagovaranje obrazovne inovacije i pru\u017eanje obuke i stru\u010dnog usavr\u0161avanja za u\u010ditelje iz otprilike 125 javnih i javno financiranih \u0161kola, u rasponu od pred\u0161kolskog pa sve do vi\u0161eg srednjeg obrazovanja, kao i nastavnici iz svih javnih nesveu\u010dili\u0161nih neobveznih nastavnih ustanova (strukovne \u0161kole, \u0161kole za odrasle, umjetni\u010dke \u0161kole, \u0161kole jezika&#8230;). Ukupno, vi\u0161e od 3000 nastavnika godi\u0161nje se obu\u010dava u aktivnostima koje organizira CPR, a koje pokrivaju sve aspekte stru\u010dnog usavr\u0161avanja prema smjernicama koje na po\u010detku svake akademske godine postavlja regionalno ministarstvo: odgovor na razli\u010ditost i inkluziju studenata; prevencija nejednakosti i zlostavljanja; sprje\u010davanje sukoba i mirno rje\u0161avanje sukoba; anga\u017eman u zajednici; smanjenje jaza izme\u0111u akademskog svijeta i tr\u017ei\u0161ta rada; inovativne i aktivne nastavne metodologije usmjerene na studente ili ICT u obrazovne svrhe.<\/p>","protected":false},"excerpt":{"rendered":"<p>TURKEY Germencik \u0130l\u00e7e Milli E\u011fitim M\u00fcd\u00fcrl\u00fc\u011f\u00fc Germencik \u0130l\u00e7e Milli E\u011fitim M\u00fcd\u00fcrl\u00fc\u011f\u00fc\u00a0je voditelj organizacije ustanova odgoja i obrazovanja u Germenciku, Ayd\u0131n.&hellip;<\/p>\n","protected":false},"author":1,"featured_media":0,"parent":0,"menu_order":0,"comment_status":"closed","ping_status":"closed","template":"","meta":[],"lang":"hr","translations":{"es":41,"en":12,"tr":339,"it":350,"hr":366},"pll_sync_post":[],"_links":{"self":[{"href":"http:\/\/www.proyectoscprgijon.es\/WayBack2School\/wp-json\/wp\/v2\/pages\/366"}],"collection":[{"href":"http:\/\/www.proyectoscprgijon.es\/WayBack2School\/wp-json\/wp\/v2\/pages"}],"about":[{"href":"http:\/\/www.proyectoscprgijon.es\/WayBack2School\/wp-json\/wp\/v2\/types\/page"}],"author":[{"embeddable":true,"href":"http:\/\/www.proyectoscprgijon.es\/WayBack2School\/wp-json\/wp\/v2\/users\/1"}],"replies":[{"embeddable":true,"href":"http:\/\/www.proyectoscprgijon.es\/WayBack2School\/wp-json\/wp\/v2\/comments?post=366"}],"version-history":[{"count":2,"href":"http:\/\/www.proyectoscprgijon.es\/WayBack2School\/wp-json\/wp\/v2\/pages\/366\/revisions"}],"predecessor-version":[{"id":415,"href":"http:\/\/www.proyectoscprgijon.es\/WayBack2School\/wp-json\/wp\/v2\/pages\/366\/revisions\/415"}],"wp:attachment":[{"href":"http:\/\/www.proyectoscprgijon.es\/WayBack2School\/wp-json\/wp\/v2\/media?parent=366"}],"curies":[{"name":"wp","href":"https:\/\/api.w.org\/{rel}","templated":true}]}}