{"id":41,"date":"2019-04-16T08:44:27","date_gmt":"2019-04-16T08:44:27","guid":{"rendered":"http:\/\/www.proyectoscprgijon.es\/WayBack2School\/?page_id=41"},"modified":"2022-01-28T10:04:19","modified_gmt":"2022-01-28T10:04:19","slug":"los-socios","status":"publish","type":"page","link":"http:\/\/www.proyectoscprgijon.es\/WayBack2School\/es\/los-socios\/","title":{"rendered":"Los socios"},"content":{"rendered":"\n<p><\/p>\n\n\n\n<h2 id=\"turkey\">TURKEY <img src=\"http:\/\/www.proyectoscprgijon.es\/WayBack2School\/wp-content\/uploads\/2021\/12\/Flag_of_Turkey.svg_-e1639568563886.png\" alt=\"logo\" style=\"width: 70px;\"><\/h2>\n\n\n\n<h3 id=\"germencik-ilce-milli-egitim-mudurlugu\">Germencik \u0130l\u00e7e Milli E\u011fitim M\u00fcd\u00fcrl\u00fc\u011f\u00fc<\/h3>\n\n\n<p style=\"text-align: justify;\"><img loading=\"lazy\" width=\"92\" height=\"92\" class=\"wp-image-77 alignleft\" style=\"width: 92px;\" src=\"http:\/\/www.proyectoscprgijon.es\/WayBack2School\/wp-content\/uploads\/2021\/12\/header-meb-yeni-logo.png\" alt=\"\"><strong><a href=\"http:\/\/germencik.meb.gov.tr\/\" target=\"_blank\" rel=\"noreferrer noopener\">Germencik \u0130l\u00e7e Milli E\u011fitim M\u00fcd\u00fcrl\u00fc\u011f\u00fc <\/a><\/strong><span data-contrast=\"auto\">es la jefatura del consejo de administraci\u00f3n de educaci\u00f3n en Germencik, Aydin. El principal objetivo y deber de esta direcci\u00f3n es organizar tanto los problemas estructurales como educativos de toda la jurisprudencia para los centros docentes y las instituciones educativas.&nbsp;<\/span><span data-ccp-props=\"{&quot;201341983&quot;:0,&quot;335559739&quot;:160,&quot;335559740&quot;:259}\">&nbsp;<\/span><\/p>\n<p><span data-contrast=\"auto\">La directiva dirige en total 36 instituciones y escuelas, organiza y coordina todos los problemas relacionados con educaci\u00f3n en el distrito escolar. Es un \u00f3rgano din\u00e1mico que impulsa la comunicaci\u00f3n y la coordinaci\u00f3n con otros entes p\u00fablicos, principalmente con la oficina administrativa gubernamental. A su vez tienen una relaci\u00f3n de trabajo estrecha con la Direcci\u00f3n Provincial de Educaci\u00f3n en Aydin.<\/span><span data-ccp-props=\"{&quot;201341983&quot;:0,&quot;335559739&quot;:160,&quot;335559740&quot;:259}\">&nbsp;<\/span><\/p>\n\n\n<h3 id=\"himmet-condur-cumhuriyet-ortaokulu\">Himmet \u00c7ondur Cumhuriyet Ortaokulu<\/h3>\n\n\n<p style=\"text-align: justify;\"><img loading=\"lazy\" class=\"wp-image-94 alignleft\" src=\"http:\/\/www.proyectoscprgijon.es\/WayBack2School\/wp-content\/uploads\/2021\/12\/himmetcondur-1-300x300.jpg\" alt=\"\" width=\"92\" height=\"92\" srcset=\"http:\/\/www.proyectoscprgijon.es\/WayBack2School\/wp-content\/uploads\/2021\/12\/himmetcondur-1-300x300.jpg 300w, http:\/\/www.proyectoscprgijon.es\/WayBack2School\/wp-content\/uploads\/2021\/12\/himmetcondur-1-150x150.jpg 150w, http:\/\/www.proyectoscprgijon.es\/WayBack2School\/wp-content\/uploads\/2021\/12\/himmetcondur-1.jpg 719w\" sizes=\"(max-width: 92px) 100vw, 92px\" \/><a href=\"https:\/\/himmetcondur.meb.k12.tr\/\" target=\"_blank\" rel=\"noopener\">Himmet \u00c7ondur Cumhuriyet Ortaokulu<\/a>,&nbsp;<span data-contrast=\"auto\">escuela de secundaria de tama\u00f1o mediano con 450 estudiantes y 40 personas docentes y no docentes, que est\u00e1 situada en el oeste de Turqu\u00eda en la ciudad de Aydin, donde el aceite de oliva cubre las monta\u00f1as y la miel abunda en los campos y a donde se dirigen mucha personas emigrantes desde el este de Turqu\u00eda y pa\u00edses del oeste de Europa atra\u00eddos por su naturaleza, historia, productos org\u00e1nicos y estilo de vida tranquila.&nbsp;<\/span><span data-ccp-props=\"{&quot;201341983&quot;:0,&quot;335559739&quot;:160,&quot;335559740&quot;:259}\">&nbsp;<\/span><\/p>\n<p style=\"text-align:justify\">Germencik, la ciudad donde est\u00e1 situada, es una zona de emigrantes y el 60% de las familias proceden de un entorno socialmente deprimido, lo que situa la tase de inclusi\u00f3n por encima de la media nacional. Sin embargo, el personal docente activo y din\u00e1mico participa en proyectos nacionales, renov\u00e1ndose con las necesidades y oportunidades que tienen que ofrecer a estos estudiantes oportunidades para que mejoren sus condiciones de vida.<\/p>\n\n\n<h3 id=\"hasan-fatma-onal-anadolu-lisesi\">Hasan Fatma \u00d6nal Anadolu Lisesi<\/h3>\n\n\n<p style=\"text-align: justify;\"><img loading=\"lazy\" class=\"wp-image-90 alignleft\" src=\"http:\/\/www.proyectoscprgijon.es\/WayBack2School\/wp-content\/uploads\/2021\/12\/hasanfatma-300x257.jpg\" alt=\"\" width=\"92\" height=\"79\" srcset=\"http:\/\/www.proyectoscprgijon.es\/WayBack2School\/wp-content\/uploads\/2021\/12\/hasanfatma-300x257.jpg 300w, http:\/\/www.proyectoscprgijon.es\/WayBack2School\/wp-content\/uploads\/2021\/12\/hasanfatma.jpg 350w\" sizes=\"(max-width: 92px) 100vw, 92px\" \/><a href=\"https:\/\/hasanfatmaonal.meb.k12.tr\/\" target=\"_blank\" rel=\"noopener\">Hasan Fatma \u00d6nal Anatolian High School<\/a> <span class=\"TextRun  BCX2 SCXW149096106\" xml:lang=\"ES-ES\" data-contrast=\"auto\" lang=\"ES-ES\"><span class=\"NormalTextRun  BCX2 SCXW149096106\">es una escuela de secundaria fundada en 2005 situada a las afueras de <\/span><span class=\"NormalTextRun SpellingErrorV2  BCX2 SCXW149096106\">Kusadasi<\/span><span class=\"NormalTextRun  BCX2 SCXW149096106\">, en la costa oeste de Turqu\u00eda. Cuenta con 348 estudiantes entre los grados 9 y 12.<\/span><span class=\"NormalTextRun  BCX2 SCXW149096106\">\u202f<\/span><span class=\"NormalTextRun  BCX2 SCXW149096106\">Los estudiantes siguen un curr\u00edculo nacional marcado por el Ministerio de Educaci\u00f3n y muchos de ellos se clasifican como en desventaja econ\u00f3mica y socialmente. Cuentan con 15 y 19 a\u00f1os y sufren falta de motivaci\u00f3n y de competencias clave en su vida diaria y de estudiantes para su edad. <\/span><span class=\"NormalTextRun  BCX2 SCXW149096106\">Teniendo en cuenta el <\/span><span class=\"NormalTextRun SpellingErrorV2  BCX2 SCXW149096106\">apredizaje<\/span><span class=\"NormalTextRun  BCX2 SCXW149096106\"> que deben conseguir en la escuela, la falta de motivaci\u00f3n y de competencias clave supone un obst\u00e1culo significativo y, por consiguiente, abandono escolar. Las condiciones socio-econ\u00f3micas de los estudiantes tienen lugar en las clases sociales media-baja. Adem\u00e1s, debido a que la ciudad es un destino tur\u00edstico favorito, sus padres trabajan largas horas durante los meses de verano, pertenecen a familias desestructuradas y algunos estudiantes tambi\u00e9n trabajan en empresas tur\u00edsticas durante el verano. Estas condiciones causan inevitablemente una mayor falta de motivaci\u00f3n<\/span> <span class=\"NormalTextRun  BCX2 SCXW149096106\">y resulta en abandono escolar temprano<\/span><\/span>.<\/p>\n\n\n<h2 id=\"ireland\">IRELAND <img src=\"http:\/\/www.proyectoscprgijon.es\/WayBack2School\/wp-content\/uploads\/2021\/12\/300px-Flag_of_Ireland.svg_.png\" alt=\"logo\" style=\"width: 70px;\"> <\/h2>\n\n\n\n<h3 id=\"st-john-s-central-college\">St. John&#8217;s Central College<\/h3>\n\n\n<p style=\"text-align: justify;\"><img loading=\"lazy\" class=\"alignleft wp-image-98\" src=\"http:\/\/www.proyectoscprgijon.es\/WayBack2School\/wp-content\/uploads\/2021\/12\/stjohns.jpg\" alt=\"\" width=\"92\" height=\"92\" srcset=\"http:\/\/www.proyectoscprgijon.es\/WayBack2School\/wp-content\/uploads\/2021\/12\/stjohns.jpg 200w, http:\/\/www.proyectoscprgijon.es\/WayBack2School\/wp-content\/uploads\/2021\/12\/stjohns-150x150.jpg 150w\" sizes=\"(max-width: 92px) 100vw, 92px\" \/><a href=\"https:\/\/www.stjohnscollege.ie\/\" target=\"_blank\" rel=\"noopener\">St. John\u2019s Central College<\/a> e<span class=\"TextRun SCXW252844696 BCX2\" xml:lang=\"ES-ES\" data-contrast=\"auto\" lang=\"ES-ES\"><span class=\"NormalTextRun SCXW252844696 BCX2\">s un centro de formaci\u00f3n y educaci\u00f3n superior, que est\u00e1 dirigido por&nbsp; el Consejo de Educaci\u00f3n y Formaci\u00f3n de Cork y situado en el centro de la ciudad de Cork. Tenemos 20 a\u00f1os de experiencia en el sector de educaci\u00f3n superior. Nuestra reputaci\u00f3n ha sido establecida como uno de los principales centros de formaci\u00f3n y educaci\u00f3n del Sur, con un enfoque en <\/span><span class=\"NormalTextRun SCXW252844696 BCX2\">los<\/span><span class=\"NormalTextRun SCXW252844696 BCX2\"> sectores de tecnolog\u00eda, dise\u00f1o y servicios.<\/span> <span class=\"NormalTextRun SCXW252844696 BCX2\">La gama de cursos incluye<\/span><span class=\"NormalTextRun SCXW252844696 BCX2\"> enfermer\u00eda veterinaria, un<\/span><span class=\"NormalTextRun SCXW252844696 BCX2\">a serie de cursos de tecnolog\u00eda de la i<\/span><span class=\"NormalTextRun SCXW252844696 BCX2\">nformaci\u00f3<\/span><span class=\"NormalTextRun SCXW252844696 BCX2\">n, arte y dise\u00f1o, turismo, p<\/span><span class=\"NormalTextRun SCXW252844696 BCX2\">e<\/span><span class=\"NormalTextRun SCXW252844696 BCX2\">luquer\u00eda, p<\/span><span class=\"NormalTextRun SCXW252844696 BCX2\">roducci\u00f3n de cine y v\u00eddeo, fotograf\u00eda, estudios multimedia, dise\u00f1o, arte, producci\u00f3n de instrumentos musicales, ingeniar\u00eda mec\u00e1nica y mantenimiento del motor<\/span><span class=\"NormalTextRun SCXW252844696 BCX2\">. Todos los cursos son centrados en el estudiante y la mayor\u00eda del alumnado son estudiantes que han abandonado los estudios y no pueden completar su educaci\u00f3n por m\u00faltiples motivos. En el centro obtienen competencias profesionales con el fin de asegurarse un puesto de trabajo<\/span><\/span>.<\/p>\n\n\n<h2 id=\"italy\">ITALY <img src=\"http:\/\/www.proyectoscprgijon.es\/WayBack2School\/wp-content\/uploads\/2021\/12\/Flag_of_Italy.png\" alt=\"logo\" style=\"width: 70px;\">  <\/h2>\n\n\n\n<h3 id=\"ic9-cuoco-schipa\">IC9\u00b0 Cuoco-Schipa<\/h3>\n\n\n<p style=\"text-align: justify;\"><img loading=\"lazy\" class=\"wp-image-104 alignleft\" src=\"http:\/\/www.proyectoscprgijon.es\/WayBack2School\/wp-content\/uploads\/2021\/12\/ic9-300x300.png\" alt=\"\" width=\"92\" height=\"92\" srcset=\"http:\/\/www.proyectoscprgijon.es\/WayBack2School\/wp-content\/uploads\/2021\/12\/ic9-300x300.png 300w, http:\/\/www.proyectoscprgijon.es\/WayBack2School\/wp-content\/uploads\/2021\/12\/ic9-150x150.png 150w, http:\/\/www.proyectoscprgijon.es\/WayBack2School\/wp-content\/uploads\/2021\/12\/ic9.png 400w\" sizes=\"(max-width: 92px) 100vw, 92px\" \/>El <a href=\"https:\/\/www.ic9cuocoschipa.edu.it\/\" target=\"_blank\" rel=\"noopener\">Istituto Comprensivo Statale 9\u00b0 Cuoco \u2013 Schipa <\/a><span data-contrast=\"auto\">est\u00e1 situada en el centro del distrito de la ciudad de N\u00e1poles y est\u00e1 organizada en cuatro complejos que comprenden pre-escolar, primaria y secundaria; el n\u00famero de estudiantes es de 1.100 y van desde los 3 a los 14 a\u00f1os. En la etapa de primaria existe un alto porcentaje de estudiantes que manifiesta dificultades para asistir a la escuela y el hecho de que falten a clase incrementa el \u00edndice de abandono en la etapa de secundaria. La escuela se especializa en el uso del aprendizaje experimental, dada la heterogeneidad de la audiencia y el contexto social de grupos patentes de carest\u00eda social. Con el fin de combatir la dispersi\u00f3n y hacer frente al malestar la escuela ha participado en convocatorias financiadas por el Ministerio de Educaci\u00f3n y la Uni\u00f3n Europea.<\/span><span data-ccp-props=\"{&quot;134233117&quot;:true,&quot;134233118&quot;:true,&quot;201341983&quot;:2,&quot;335551550&quot;:6,&quot;335551620&quot;:6,&quot;335559739&quot;:450,&quot;335559740&quot;:540}\"><br><\/span><\/p>\n\n\n<h2 id=\"croatia\">CROATIA <img src=\"http:\/\/www.proyectoscprgijon.es\/WayBack2School\/wp-content\/uploads\/2021\/12\/Flag_of_Croatia.svg_.png\" alt=\"logo\" style=\"width: 70px;\">   <\/h2>\n\n\n\n<h3 id=\"osnovna-skola-podturen\">Osnovna \u0160kola Podturen<\/h3>\n\n\n<p style=\"text-align: justify;\"><img loading=\"lazy\" class=\"alignleft wp-image-108\" src=\"http:\/\/www.proyectoscprgijon.es\/WayBack2School\/wp-content\/uploads\/2021\/12\/osnovna.png\" alt=\"\" width=\"92\" height=\"94\">La <a href=\"http:\/\/os-podturen.skole.hr\/\" target=\"_blank\" rel=\"noopener\">Escuela de Primaria Podturen<\/a> <span class=\"TextRun  BCX2 SCXW107929541\" xml:lang=\"ES-ES\" data-contrast=\"auto\" lang=\"ES-ES\"><span class=\"NormalTextRun  BCX2 SCXW107929541\">es un<\/span><span class=\"NormalTextRun  BCX2 SCXW107929541\"> centro de Educaci\u00f3n Prim<\/span><span class=\"NormalTextRun  BCX2 SCXW107929541\">aria situada en el Municipio del condado de <\/span><span class=\"NormalTextRun SpellingErrorV2  BCX2 SCXW107929541\">Me\u0111imurska<\/span><span class=\"NormalTextRun  BCX2 SCXW107929541\"> en noroeste de <\/span><span class=\"NormalTextRun SpellingErrorV2  BCX2 SCXW107929541\">Coracia<\/span><span class=\"NormalTextRun  BCX2 SCXW107929541\"> (en la frontera entre <\/span><span class=\"NormalTextRun SpellingErrorV2  BCX2 SCXW107929541\">Croacia<\/span><span class=\"NormalTextRun  BCX2 SCXW107929541\">, Eslovenia y Hungr\u00eda). El municipio es una de las \u00e1reas de especial preocupaci\u00f3n del estado en tres niveles: econ\u00f3mico, estructural y a nivel demogr\u00e1fico y de desarrollo. La escuela se fund\u00f3 en 1956 y desde 2009 trabaja con los mejores materiales y condiciones tecnol\u00f3gicas, adem\u00e1s de promover destrezas para la vida, el estilo de vida saludable (a trav\u00e9s de actividades deportivas), inclusi\u00f3n social y conservaci\u00f3n de la herencia ecol\u00f3gica y etnol\u00f3gica.<\/span><\/span>.<\/p>\n<p style=\"text-align:justify\"><span data-contrast=\"auto\">Las principales prioridades de la escuela Podturen son: la educaci\u00f3n primaria de los estudiantes entre 6 y 15 a\u00f1os, la socializaci\u00f3n de los estudiantes y la creaci\u00f3n de un ambiente multicultural que fomente la tolerancia en ambas escuelas y en el municipio, la promoci\u00f3n de inclusi\u00f3n social y aumento del \u00e9xito educativo entre los estudiantes de minor\u00eda rumana, el proceso de socializaci\u00f3n de los&nbsp; estudiantes de secundaria y su preparaci\u00f3n para ser ciudadanos activos y participantes en una sociedad moderna. <\/span><\/p>\n<p style=\"text-align:justify\"><span data-contrast=\"auto\">Todas las actividades se dirigen a la siguiente misi\u00f3n: Aprendizaje para la vida, conocimiento y excelencia en contra de los prejuicios y las desigualdades.&nbsp;<\/span><span data-ccp-props=\"{&quot;201341983&quot;:0,&quot;335559739&quot;:160,&quot;335559740&quot;:259}\">&nbsp;<\/span><\/p>\n\n\n<h2 id=\"spain\">SPAIN <img src=\"http:\/\/www.proyectoscprgijon.es\/WayBack2School\/wp-content\/uploads\/2021\/12\/Flag_of_Spain_Civil.svg_.png\" alt=\"logo\" style=\"width: 70px;\">    <\/h2>\n\n\n\n<h3 id=\"cpr-de-gijon-oriente\">CPR de Gij\u00f3n-Oriente<\/h3>\n\n\n<p><img loading=\"lazy\" class=\"alignleft wp-image-113\" src=\"http:\/\/www.proyectoscprgijon.es\/WayBack2School\/wp-content\/uploads\/2021\/12\/logocpr-300x300.png\" alt=\"\" width=\"92\" height=\"92\" srcset=\"http:\/\/www.proyectoscprgijon.es\/WayBack2School\/wp-content\/uploads\/2021\/12\/logocpr.png 300w, http:\/\/www.proyectoscprgijon.es\/WayBack2School\/wp-content\/uploads\/2021\/12\/logocpr-150x150.png 150w\" sizes=\"(max-width: 92px) 100vw, 92px\" \/><\/p>\n<p style=\"text-align: justify;\">El <a href=\"http:\/\/www.cprgijon.es\/\" target=\"_blank\" rel=\"noopener\">Centro del Profesorado y de Recursos de Gij\u00f3n-Oriente<\/a>, CPR de Gij\u00f3n-Oriente, <span data-contrast=\"auto\">es uno de los cuatro centros de profesorado regionales en Asturias, que depende directamente del Servicio de Formaci\u00f3n e Innovaci\u00f3n de la Consejer\u00eda de Educaci\u00f3n en el Principado de Asturias. <\/span><span data-ccp-props=\"{&quot;201341983&quot;:0,&quot;335559739&quot;:160,&quot;335559740&quot;:259}\">&nbsp;<\/span><\/p>\n<p style=\"text-align: justify;\"><span data-contrast=\"auto\">El principal objetivo de la red de formaci\u00f3n de profesorado al que pertenece el CPR es la defensa de la innovaci\u00f3n educativa y ofrecer formaci\u00f3n y desarrollo profesional al profesorado en un \u00e1rea de 125 escuelas p\u00fablicas o sostenidas con fondos p\u00fablicos, que van desde pre-escolar, primaria, secundaria y Bachillerato, as\u00ed como profesorado de cualquier centro de educaci\u00f3n no universitaria y no obligatoria (centros de formaci\u00f3n profesional, escuelas de adultos, escuelas de arte, escuelas oficiales de idiomas, etc.). En total, m\u00e1s de 3.000 docentes se forman cada a\u00f1o en actividades organizadas por el CPR, que cubren todos los aspectos de desarrollo profesional que marcan las directrices de la Consejer\u00eda al comienzo del a\u00f1o acad\u00e9mico: respuestas a la diversidad e inclusi\u00f3n del alumnado; prevenci\u00f3n de desigualdades y acoso; prevenci\u00f3n de conflictos y resoluci\u00f3n pac\u00edfica de los mismos; implicaci\u00f3n de la comunidad; reducci\u00f3n de la distancia entre el mundo acad\u00e9mico y el mercado laboral; metodolog\u00edas basadas en la innovaci\u00f3n, metodolog\u00edas centradas en la participaci\u00f3n activa de los estudiantes y el uso de las tecnolog\u00edas para fines educativos.<\/span><span data-ccp-props=\"{&quot;201341983&quot;:0,&quot;335559739&quot;:160,&quot;335559740&quot;:259}\">&nbsp;<\/span><\/p>","protected":false},"excerpt":{"rendered":"<p>TURKEY Germencik \u0130l\u00e7e Milli E\u011fitim M\u00fcd\u00fcrl\u00fc\u011f\u00fc Germencik \u0130l\u00e7e Milli E\u011fitim M\u00fcd\u00fcrl\u00fc\u011f\u00fc es la jefatura del consejo de administraci\u00f3n de educaci\u00f3n&hellip;<\/p>\n","protected":false},"author":1,"featured_media":0,"parent":0,"menu_order":0,"comment_status":"closed","ping_status":"closed","template":"","meta":[],"lang":"es","translations":{"es":41,"en":12,"tr":339,"it":350,"hr":366},"pll_sync_post":[],"_links":{"self":[{"href":"http:\/\/www.proyectoscprgijon.es\/WayBack2School\/wp-json\/wp\/v2\/pages\/41"}],"collection":[{"href":"http:\/\/www.proyectoscprgijon.es\/WayBack2School\/wp-json\/wp\/v2\/pages"}],"about":[{"href":"http:\/\/www.proyectoscprgijon.es\/WayBack2School\/wp-json\/wp\/v2\/types\/page"}],"author":[{"embeddable":true,"href":"http:\/\/www.proyectoscprgijon.es\/WayBack2School\/wp-json\/wp\/v2\/users\/1"}],"replies":[{"embeddable":true,"href":"http:\/\/www.proyectoscprgijon.es\/WayBack2School\/wp-json\/wp\/v2\/comments?post=41"}],"version-history":[{"count":9,"href":"http:\/\/www.proyectoscprgijon.es\/WayBack2School\/wp-json\/wp\/v2\/pages\/41\/revisions"}],"predecessor-version":[{"id":413,"href":"http:\/\/www.proyectoscprgijon.es\/WayBack2School\/wp-json\/wp\/v2\/pages\/41\/revisions\/413"}],"wp:attachment":[{"href":"http:\/\/www.proyectoscprgijon.es\/WayBack2School\/wp-json\/wp\/v2\/media?parent=41"}],"curies":[{"name":"wp","href":"https:\/\/api.w.org\/{rel}","templated":true}]}}